{"id":109,"date":"2021-10-08T11:46:02","date_gmt":"2021-10-08T09:46:02","guid":{"rendered":"https:\/\/kerlevenez.stjoseph.ovh\/?page_id=109"},"modified":"2021-10-08T11:46:02","modified_gmt":"2021-10-08T09:46:02","slug":"activites","status":"publish","type":"page","link":"https:\/\/villagesaintjoseph.org\/mieges\/les-3-pilliers\/activites\/","title":{"rendered":"Activit\u00e9s"},"content":{"rendered":"\n<h4 class=\"wp-block-heading\">Espaces verts et potager<\/h4>\n\n\n\n<p>L\u2019entretien du parc d\u2019une superficie d\u2019environ 2 hectares consiste en des travaux de tonte, de taille et d\u2019\u00e9lagage. Quant au potager, il occupe l\u2019essentiel de nos\u00a0<strong>activit\u00e9s<\/strong>\u00a0de plein air\u00a0; nous le d\u00e9veloppons dans une orientation\u00a0<strong>de permaculture<\/strong>, qui suscite l\u2019int\u00e9r\u00eat des uns,\u00a0<strong>\u00e9veille<\/strong>\u00a0la passion des autres, et permet la\u00a0<strong>confection<\/strong>\u00a0de plats savoureux, appr\u00e9ci\u00e9s par tous\u00a0; presque toute l\u2019ann\u00e9e\u00a0!<\/p>\n\n\n\n<h4 class=\"wp-block-heading\">M<strong>osa\u00efque<\/strong><\/h4>\n\n\n\n<p>C\u2019est historiquement la\u00a0<strong>premi\u00e8re<\/strong>\u00a0activit\u00e9 du Village Saint Joseph. Celle qui permet \u00e0 chacun d\u2019associer les\u00a0<strong>formes<\/strong>\u00a0et les\u00a0<strong>couleurs\u00a0<\/strong>avec de v\u00e9ritables\u00a0<strong>Emaux de Briare<\/strong>\u00a0pour produire des\u00a0<strong>objets personnalis\u00e9s et originaux<\/strong>. Repr\u00e9sentations de la Sainte Famille, de l\u2019Esprit Saint, d\u2019animaux, cr\u00e9ations de bougeoirs, compositions de num\u00e9ros de rue ou m\u00eame du nom de votre choix<\/p>\n\n\n\n<h4 class=\"wp-block-heading\"><strong>Activit\u00e9s quotidiennes et confection du pain<\/strong><\/h4>\n\n\n\n<p>A la Maison du Pain,\u00a0<strong>les activit\u00e9s sont aussi celles de toute famille<\/strong>, de toute maison : cuisine, m\u00e9nage, rangement, lessive, entretiens divers. Nous confectionnons aussi notre pain.<\/p>\n\n\n\n<h4 class=\"wp-block-heading\"><strong>Les poules, les montons et les \u00e2nesses<\/strong><\/h4>\n\n\n\n<p><\/p>\n","protected":false},"excerpt":{"rendered":"<p>Espaces verts et potager L\u2019entretien du parc d\u2019une superficie d\u2019environ 2 hectares consiste en des travaux de tonte, de taille et d\u2019\u00e9lagage. Quant au potager, il occupe l\u2019essentiel de nos\u00a0activit\u00e9s\u00a0de plein air\u00a0; nous le d\u00e9veloppons dans une orientation\u00a0de permaculture, qui suscite l\u2019int\u00e9r\u00eat des uns,\u00a0\u00e9veille\u00a0la passion des autres, et permet la\u00a0confection\u00a0de plats savoureux, appr\u00e9ci\u00e9s par tous\u00a0; [&hellip;]<\/p>\n","protected":false},"author":9,"featured_media":641,"parent":103,"menu_order":5,"comment_status":"closed","ping_status":"closed","template":"templates-pages\/activites.php","meta":{"inline_featured_image":false,"footnotes":""},"class_list":["post-109","page","type-page","status-publish","has-post-thumbnail","hentry"],"acf":[],"_links":{"self":[{"href":"https:\/\/villagesaintjoseph.org\/mieges\/wp-json\/wp\/v2\/pages\/109","targetHints":{"allow":["GET"]}}],"collection":[{"href":"https:\/\/villagesaintjoseph.org\/mieges\/wp-json\/wp\/v2\/pages"}],"about":[{"href":"https:\/\/villagesaintjoseph.org\/mieges\/wp-json\/wp\/v2\/types\/page"}],"author":[{"embeddable":true,"href":"https:\/\/villagesaintjoseph.org\/mieges\/wp-json\/wp\/v2\/users\/9"}],"replies":[{"embeddable":true,"href":"https:\/\/villagesaintjoseph.org\/mieges\/wp-json\/wp\/v2\/comments?post=109"}],"version-history":[{"count":0,"href":"https:\/\/villagesaintjoseph.org\/mieges\/wp-json\/wp\/v2\/pages\/109\/revisions"}],"up":[{"embeddable":true,"href":"https:\/\/villagesaintjoseph.org\/mieges\/wp-json\/wp\/v2\/pages\/103"}],"wp:featuredmedia":[{"embeddable":true,"href":"https:\/\/villagesaintjoseph.org\/mieges\/wp-json\/"}],"wp:attachment":[{"href":"https:\/\/villagesaintjoseph.org\/mieges\/wp-json\/wp\/v2\/media?parent=109"}],"curies":[{"name":"wp","href":"https:\/\/api.w.org\/{rel}","templated":true}]}}