{"id":73,"date":"2021-05-03T09:43:14","date_gmt":"2021-05-03T07:43:14","guid":{"rendered":"https:\/\/kerlevenez.stjoseph.ovh\/?page_id=73"},"modified":"2025-11-29T23:31:48","modified_gmt":"2025-11-29T22:31:48","slug":"vous-accueillir","status":"publish","type":"page","link":"https:\/\/villagesaintjoseph.org\/mieges\/vous-accueillir\/","title":{"rendered":"\u00catre accueilli"},"content":{"rendered":"\n<h1 class=\"wp-block-heading\">Accueil pour un s\u00e9jour<\/h1>\n\n\n\n<p><\/p>\n\n\n\n<p class=\"has-text-align-center has-large-font-size\"><\/p>\n\n\n\n<p>Pour \u00eatre accueilli dans une Maison du Village Saint Joseph,<strong>\u00a0<\/strong>nous vous invitons \u00e0 contacter directement<strong>\u00a0<\/strong><a href=\"https:\/\/villagesaintjoseph.org\/mieges\/nous-contacter\">Village Saint Joseph de Mi\u00e8ges<\/a><a href=\"https:\/\/villagesaintjoseph.org\/mieges\/nous-contacter\/\" data-type=\"page\" data-id=\"136\">.<\/a><\/p>\n\n\n\n<p>Lors d\u2019un premier<strong>&nbsp;entretien t\u00e9l\u00e9phonique,<\/strong>&nbsp;les responsables de Maison \u00e9valueront s\u2019il est bon pour vous et pour le foyer, de vous accueillir. Parfois&nbsp;<strong>une rencontre de visu<\/strong>&nbsp;est n\u00e9cessaire pour v\u00e9rifier que le Village Saint Joseph est le&nbsp;<strong>lieu adapt\u00e9 \u00e0 votre reconstruction.<\/strong><\/p>\n\n\n\n<h4 class=\"wp-block-heading\" id=\"at-1540\"><\/h4>\n\n\n\n<p>A la suite de cet \u00e9change,<strong>\u00a0une p\u00e9riode de d\u00e9couverte<\/strong>\u00a0pourra vous \u00eatre propos\u00e9e. Lors de ces 2 semaines vous pourrez\u00a0<strong>vivre au rythme du Village\u00a0<\/strong>et exp\u00e9rimenter si un s\u00e9jour plus long est possible. La d\u00e9cision de venir passer un temps long au Village Saint Joseph pour y vivre\u00a0<a href=\"https:\/\/villagesaintjoseph.org\/les-3-piliers\/\" target=\"_blank\" rel=\"noreferrer noopener\"><strong>les trois piliers\u00a0<\/strong><\/a>est le fruit d\u2019un\u00a0<strong>discernement r\u00e9ciproque\u00a0<\/strong>entre les responsables de Maison et vous-m\u00eame en tant que personne accueillie.<\/p>\n\n\n\n<p>Dans une Maison vous vivez avec 8 personnes\u00a0<strong>une vie partag\u00e9e de type familial<\/strong>. Vous partagez donc ensemble les temps quotidiens d\u2019une Maison (repas, partage spirituel du matin, d\u00e9tente et loisirs) mais aussi les activit\u00e9s qui rythment matin et apr\u00e8s-midi.<\/p>\n\n\n\n<p>La dur\u00e9e du s\u00e9jour est convenue avec les responsables de la Maison ou les r\u00e9f\u00e9rents du Foyer afin d\u2019\u00eatre&nbsp;<strong>adapt\u00e9e \u00e0 vos besoins<\/strong>&nbsp;et \u00e0 ce qui para\u00eet ajust\u00e9 pour vous par les r\u00e9f\u00e9rents que vous aurez rencontr\u00e9s.\u200b Dans certains cas le s\u00e9jour<strong>&nbsp;<\/strong>pourra \u00eatre prolong\u00e9 d\u2019un commun accord si cela est&nbsp;n\u00e9cessaire. Car notre objectif est d\u2019<strong>aider chaque personne \u00e0 ne plus avoir besoin d\u2019aide.<\/strong><\/p>\n\n\n\n<p>\u200bA l\u2019issue de votre s\u00e9jour, un accompagnement particulier pourra \u00e9ventuellement \u00eatre poursuivi ponctuellement et dans un cadre d\u00e9fini avec vous.<\/p>\n","protected":false},"excerpt":{"rendered":"<p>Accueil pour un s\u00e9jour Pour \u00eatre accueilli dans une Maison du Village Saint Joseph,\u00a0nous vous invitons \u00e0 contacter directement\u00a0Village Saint Joseph de Mi\u00e8ges. Lors d\u2019un premier&nbsp;entretien t\u00e9l\u00e9phonique,&nbsp;les responsables de Maison \u00e9valueront s\u2019il est bon pour vous et pour le foyer, de vous accueillir. Parfois&nbsp;une rencontre de visu&nbsp;est n\u00e9cessaire pour v\u00e9rifier que le Village Saint Joseph [&hellip;]<\/p>\n","protected":false},"author":9,"featured_media":638,"parent":0,"menu_order":16,"comment_status":"closed","ping_status":"closed","template":"","meta":{"inline_featured_image":false,"footnotes":""},"class_list":["post-73","page","type-page","status-publish","has-post-thumbnail","hentry"],"acf":[],"_links":{"self":[{"href":"https:\/\/villagesaintjoseph.org\/mieges\/wp-json\/wp\/v2\/pages\/73","targetHints":{"allow":["GET"]}}],"collection":[{"href":"https:\/\/villagesaintjoseph.org\/mieges\/wp-json\/wp\/v2\/pages"}],"about":[{"href":"https:\/\/villagesaintjoseph.org\/mieges\/wp-json\/wp\/v2\/types\/page"}],"author":[{"embeddable":true,"href":"https:\/\/villagesaintjoseph.org\/mieges\/wp-json\/wp\/v2\/users\/9"}],"replies":[{"embeddable":true,"href":"https:\/\/villagesaintjoseph.org\/mieges\/wp-json\/wp\/v2\/comments?post=73"}],"version-history":[{"count":3,"href":"https:\/\/villagesaintjoseph.org\/mieges\/wp-json\/wp\/v2\/pages\/73\/revisions"}],"predecessor-version":[{"id":2252,"href":"https:\/\/villagesaintjoseph.org\/mieges\/wp-json\/wp\/v2\/pages\/73\/revisions\/2252"}],"wp:featuredmedia":[{"embeddable":true,"href":"https:\/\/villagesaintjoseph.org\/mieges\/wp-json\/"}],"wp:attachment":[{"href":"https:\/\/villagesaintjoseph.org\/mieges\/wp-json\/wp\/v2\/media?parent=73"}],"curies":[{"name":"wp","href":"https:\/\/api.w.org\/{rel}","templated":true}]}}