{"id":52,"date":"2021-05-03T10:06:29","date_gmt":"2021-05-03T08:06:29","guid":{"rendered":"https:\/\/misericorde.stjoseph.ovh\/?page_id=52"},"modified":"2022-09-09T10:33:45","modified_gmt":"2022-09-09T08:33:45","slug":"organisation","status":"publish","type":"page","link":"https:\/\/villagesaintjoseph.org\/misericorde\/le-foyer-de-misericorde-2\/organisation\/","title":{"rendered":"La vie de la Maison"},"content":{"rendered":"\n<figure class=\"wp-block-gallery has-nested-images columns-default is-cropped wp-block-gallery-1 is-layout-flex wp-block-gallery-is-layout-flex\">\n<figure class=\"wp-block-image size-large\"><img loading=\"lazy\" decoding=\"async\" width=\"1024\" height=\"576\" data-id=\"847\" src=\"https:\/\/villagesaintjoseph.org\/misericorde\/wp-content\/uploads\/sites\/3\/2021\/12\/Temps-priere-a-la-chapelle-du-Foyer-1-1024x576.jpg\" alt=\"\" class=\"wp-image-847\" srcset=\"https:\/\/villagesaintjoseph.org\/misericorde\/wp-content\/uploads\/sites\/3\/2021\/12\/Temps-priere-a-la-chapelle-du-Foyer-1-1024x576.jpg 1024w, https:\/\/villagesaintjoseph.org\/misericorde\/wp-content\/uploads\/sites\/3\/2021\/12\/Temps-priere-a-la-chapelle-du-Foyer-1-300x169.jpg 300w, https:\/\/villagesaintjoseph.org\/misericorde\/wp-content\/uploads\/sites\/3\/2021\/12\/Temps-priere-a-la-chapelle-du-Foyer-1-768x432.jpg 768w, https:\/\/villagesaintjoseph.org\/misericorde\/wp-content\/uploads\/sites\/3\/2021\/12\/Temps-priere-a-la-chapelle-du-Foyer-1-1536x864.jpg 1536w, https:\/\/villagesaintjoseph.org\/misericorde\/wp-content\/uploads\/sites\/3\/2021\/12\/Temps-priere-a-la-chapelle-du-Foyer-1-2048x1152.jpg 2048w, https:\/\/villagesaintjoseph.org\/misericorde\/wp-content\/uploads\/sites\/3\/2021\/12\/Temps-priere-a-la-chapelle-du-Foyer-1-1600x900.jpg 1600w, https:\/\/villagesaintjoseph.org\/misericorde\/wp-content\/uploads\/sites\/3\/2021\/12\/Temps-priere-a-la-chapelle-du-Foyer-1-1400x788.jpg 1400w\" sizes=\"auto, (max-width: 1024px) 100vw, 1024px\" \/><\/figure>\n\n\n\n<figure class=\"wp-block-image size-large\"><img loading=\"lazy\" decoding=\"async\" width=\"1024\" height=\"683\" data-id=\"848\" src=\"https:\/\/villagesaintjoseph.org\/misericorde\/wp-content\/uploads\/sites\/3\/2021\/12\/atelier-cuisine-1-1024x683.jpg\" alt=\"\" class=\"wp-image-848\" srcset=\"https:\/\/villagesaintjoseph.org\/misericorde\/wp-content\/uploads\/sites\/3\/2021\/12\/atelier-cuisine-1-1024x683.jpg 1024w, https:\/\/villagesaintjoseph.org\/misericorde\/wp-content\/uploads\/sites\/3\/2021\/12\/atelier-cuisine-1-300x200.jpg 300w, https:\/\/villagesaintjoseph.org\/misericorde\/wp-content\/uploads\/sites\/3\/2021\/12\/atelier-cuisine-1-768x512.jpg 768w, https:\/\/villagesaintjoseph.org\/misericorde\/wp-content\/uploads\/sites\/3\/2021\/12\/atelier-cuisine-1-1536x1024.jpg 1536w, https:\/\/villagesaintjoseph.org\/misericorde\/wp-content\/uploads\/sites\/3\/2021\/12\/atelier-cuisine-1-2048x1365.jpg 2048w, https:\/\/villagesaintjoseph.org\/misericorde\/wp-content\/uploads\/sites\/3\/2021\/12\/atelier-cuisine-1-1600x1067.jpg 1600w, https:\/\/villagesaintjoseph.org\/misericorde\/wp-content\/uploads\/sites\/3\/2021\/12\/atelier-cuisine-1-1400x933.jpg 1400w\" sizes=\"auto, (max-width: 1024px) 100vw, 1024px\" \/><\/figure>\n<\/figure>\n\n\n\n<p>La vie spirituelle et fraternelle, piliers de chaque maison du Village Saint Joseph, animent chaque journ\u00e9e du Foyer de Mis\u00e9ricorde. Apr\u00e8s le temps de partage de la Parole chaque matin, chacun se r\u00e9partit dans les diff\u00e9rentes activit\u00e9s :<\/p>\n\n\n\n<h2 class=\"wp-block-heading\">La mosa\u00efque<\/h2>\n\n\n\n<figure class=\"wp-block-gallery has-nested-images columns-default is-cropped wp-block-gallery-2 is-layout-flex wp-block-gallery-is-layout-flex\">\n<figure class=\"wp-block-image size-large\"><img loading=\"lazy\" decoding=\"async\" width=\"1024\" height=\"1024\" data-id=\"833\" src=\"https:\/\/villagesaintjoseph.org\/misericorde\/wp-content\/uploads\/sites\/3\/2021\/12\/20211006_163822_05-1024x1024.jpg\" alt=\"\" class=\"wp-image-833\" srcset=\"https:\/\/villagesaintjoseph.org\/misericorde\/wp-content\/uploads\/sites\/3\/2021\/12\/20211006_163822_05-1024x1024.jpg 1024w, https:\/\/villagesaintjoseph.org\/misericorde\/wp-content\/uploads\/sites\/3\/2021\/12\/20211006_163822_05-300x300.jpg 300w, https:\/\/villagesaintjoseph.org\/misericorde\/wp-content\/uploads\/sites\/3\/2021\/12\/20211006_163822_05-150x150.jpg 150w, https:\/\/villagesaintjoseph.org\/misericorde\/wp-content\/uploads\/sites\/3\/2021\/12\/20211006_163822_05-768x768.jpg 768w, https:\/\/villagesaintjoseph.org\/misericorde\/wp-content\/uploads\/sites\/3\/2021\/12\/20211006_163822_05-1536x1536.jpg 1536w, https:\/\/villagesaintjoseph.org\/misericorde\/wp-content\/uploads\/sites\/3\/2021\/12\/20211006_163822_05-2048x2048.jpg 2048w, https:\/\/villagesaintjoseph.org\/misericorde\/wp-content\/uploads\/sites\/3\/2021\/12\/20211006_163822_05-1600x1600.jpg 1600w, https:\/\/villagesaintjoseph.org\/misericorde\/wp-content\/uploads\/sites\/3\/2021\/12\/20211006_163822_05-1400x1400.jpg 1400w\" sizes=\"auto, (max-width: 1024px) 100vw, 1024px\" \/><\/figure>\n\n\n\n<figure class=\"wp-block-image size-large\"><img loading=\"lazy\" decoding=\"async\" width=\"1024\" height=\"576\" data-id=\"834\" src=\"https:\/\/villagesaintjoseph.org\/misericorde\/wp-content\/uploads\/sites\/3\/2021\/12\/20211008_173915-1024x576.jpg\" alt=\"\" class=\"wp-image-834\" srcset=\"https:\/\/villagesaintjoseph.org\/misericorde\/wp-content\/uploads\/sites\/3\/2021\/12\/20211008_173915-1024x576.jpg 1024w, https:\/\/villagesaintjoseph.org\/misericorde\/wp-content\/uploads\/sites\/3\/2021\/12\/20211008_173915-300x169.jpg 300w, https:\/\/villagesaintjoseph.org\/misericorde\/wp-content\/uploads\/sites\/3\/2021\/12\/20211008_173915-768x432.jpg 768w, https:\/\/villagesaintjoseph.org\/misericorde\/wp-content\/uploads\/sites\/3\/2021\/12\/20211008_173915-1536x864.jpg 1536w, https:\/\/villagesaintjoseph.org\/misericorde\/wp-content\/uploads\/sites\/3\/2021\/12\/20211008_173915-2048x1152.jpg 2048w, https:\/\/villagesaintjoseph.org\/misericorde\/wp-content\/uploads\/sites\/3\/2021\/12\/20211008_173915-1600x900.jpg 1600w, https:\/\/villagesaintjoseph.org\/misericorde\/wp-content\/uploads\/sites\/3\/2021\/12\/20211008_173915-1400x788.jpg 1400w\" sizes=\"auto, (max-width: 1024px) 100vw, 1024px\" \/><\/figure>\n\n\n\n<figure class=\"wp-block-image size-large\"><img loading=\"lazy\" decoding=\"async\" width=\"1024\" height=\"683\" data-id=\"836\" src=\"https:\/\/villagesaintjoseph.org\/misericorde\/wp-content\/uploads\/sites\/3\/2021\/12\/IMG_1211-1024x683.jpg\" alt=\"\" class=\"wp-image-836\" srcset=\"https:\/\/villagesaintjoseph.org\/misericorde\/wp-content\/uploads\/sites\/3\/2021\/12\/IMG_1211-1024x683.jpg 1024w, https:\/\/villagesaintjoseph.org\/misericorde\/wp-content\/uploads\/sites\/3\/2021\/12\/IMG_1211-300x200.jpg 300w, https:\/\/villagesaintjoseph.org\/misericorde\/wp-content\/uploads\/sites\/3\/2021\/12\/IMG_1211-768x512.jpg 768w, https:\/\/villagesaintjoseph.org\/misericorde\/wp-content\/uploads\/sites\/3\/2021\/12\/IMG_1211-1536x1024.jpg 1536w, https:\/\/villagesaintjoseph.org\/misericorde\/wp-content\/uploads\/sites\/3\/2021\/12\/IMG_1211-2048x1365.jpg 2048w, https:\/\/villagesaintjoseph.org\/misericorde\/wp-content\/uploads\/sites\/3\/2021\/12\/IMG_1211-1600x1067.jpg 1600w, https:\/\/villagesaintjoseph.org\/misericorde\/wp-content\/uploads\/sites\/3\/2021\/12\/IMG_1211-1400x933.jpg 1400w\" sizes=\"auto, (max-width: 1024px) 100vw, 1024px\" \/><\/figure>\n<\/figure>\n\n\n\n<p>Ce qui est bris\u00e9, en morceaux peut r\u00e9v\u00e9ler une grande beaut\u00e9. C&rsquo;est ce que nous exprime la mosa\u00efque, assemblage de morceaux bris\u00e9s qui cr\u00e9ent une v\u00e9ritable oeuvre d&rsquo;art. Sous le dynamique de Pascal, mosa\u00efste de m\u00e9tier et b\u00e9n\u00e9vole au Foyer de Mis\u00e9ricorde chacun d\u00e9couvre des talents de patience, de minutie, de cr\u00e9ativit\u00e9&#8230; insoup\u00e7onn\u00e9s ou oubli\u00e9s. <\/p>\n\n\n\n<h2 class=\"wp-block-heading\">La poterie<\/h2>\n\n\n\n<figure class=\"wp-block-gallery has-nested-images columns-default is-cropped wp-block-gallery-3 is-layout-flex wp-block-gallery-is-layout-flex\">\n<figure class=\"wp-block-image size-large\"><img loading=\"lazy\" decoding=\"async\" width=\"1024\" height=\"576\" data-id=\"839\" src=\"https:\/\/villagesaintjoseph.org\/misericorde\/wp-content\/uploads\/sites\/3\/2021\/12\/20210921_164307-1024x576.jpg\" alt=\"\" class=\"wp-image-839\" srcset=\"https:\/\/villagesaintjoseph.org\/misericorde\/wp-content\/uploads\/sites\/3\/2021\/12\/20210921_164307-1024x576.jpg 1024w, https:\/\/villagesaintjoseph.org\/misericorde\/wp-content\/uploads\/sites\/3\/2021\/12\/20210921_164307-300x169.jpg 300w, https:\/\/villagesaintjoseph.org\/misericorde\/wp-content\/uploads\/sites\/3\/2021\/12\/20210921_164307-768x432.jpg 768w, https:\/\/villagesaintjoseph.org\/misericorde\/wp-content\/uploads\/sites\/3\/2021\/12\/20210921_164307-1536x864.jpg 1536w, https:\/\/villagesaintjoseph.org\/misericorde\/wp-content\/uploads\/sites\/3\/2021\/12\/20210921_164307-2048x1152.jpg 2048w, https:\/\/villagesaintjoseph.org\/misericorde\/wp-content\/uploads\/sites\/3\/2021\/12\/20210921_164307-1600x900.jpg 1600w, https:\/\/villagesaintjoseph.org\/misericorde\/wp-content\/uploads\/sites\/3\/2021\/12\/20210921_164307-1400x788.jpg 1400w\" sizes=\"auto, (max-width: 1024px) 100vw, 1024px\" \/><\/figure>\n\n\n\n<figure class=\"wp-block-image size-large\"><img loading=\"lazy\" decoding=\"async\" width=\"1024\" height=\"576\" data-id=\"840\" src=\"https:\/\/villagesaintjoseph.org\/misericorde\/wp-content\/uploads\/sites\/3\/2021\/12\/20210921_163948-1024x576.jpg\" alt=\"\" class=\"wp-image-840\" srcset=\"https:\/\/villagesaintjoseph.org\/misericorde\/wp-content\/uploads\/sites\/3\/2021\/12\/20210921_163948-1024x576.jpg 1024w, https:\/\/villagesaintjoseph.org\/misericorde\/wp-content\/uploads\/sites\/3\/2021\/12\/20210921_163948-300x169.jpg 300w, https:\/\/villagesaintjoseph.org\/misericorde\/wp-content\/uploads\/sites\/3\/2021\/12\/20210921_163948-768x432.jpg 768w, https:\/\/villagesaintjoseph.org\/misericorde\/wp-content\/uploads\/sites\/3\/2021\/12\/20210921_163948-1536x864.jpg 1536w, https:\/\/villagesaintjoseph.org\/misericorde\/wp-content\/uploads\/sites\/3\/2021\/12\/20210921_163948-2048x1152.jpg 2048w, https:\/\/villagesaintjoseph.org\/misericorde\/wp-content\/uploads\/sites\/3\/2021\/12\/20210921_163948-1600x900.jpg 1600w, https:\/\/villagesaintjoseph.org\/misericorde\/wp-content\/uploads\/sites\/3\/2021\/12\/20210921_163948-1400x788.jpg 1400w\" sizes=\"auto, (max-width: 1024px) 100vw, 1024px\" \/><\/figure>\n\n\n\n<figure class=\"wp-block-image size-large\"><img loading=\"lazy\" decoding=\"async\" width=\"1024\" height=\"576\" data-id=\"841\" src=\"https:\/\/villagesaintjoseph.org\/misericorde\/wp-content\/uploads\/sites\/3\/2021\/12\/20210921_164106-1024x576.jpg\" alt=\"\" class=\"wp-image-841\" srcset=\"https:\/\/villagesaintjoseph.org\/misericorde\/wp-content\/uploads\/sites\/3\/2021\/12\/20210921_164106-1024x576.jpg 1024w, https:\/\/villagesaintjoseph.org\/misericorde\/wp-content\/uploads\/sites\/3\/2021\/12\/20210921_164106-300x169.jpg 300w, https:\/\/villagesaintjoseph.org\/misericorde\/wp-content\/uploads\/sites\/3\/2021\/12\/20210921_164106-768x432.jpg 768w, https:\/\/villagesaintjoseph.org\/misericorde\/wp-content\/uploads\/sites\/3\/2021\/12\/20210921_164106-1536x864.jpg 1536w, https:\/\/villagesaintjoseph.org\/misericorde\/wp-content\/uploads\/sites\/3\/2021\/12\/20210921_164106-2048x1152.jpg 2048w, https:\/\/villagesaintjoseph.org\/misericorde\/wp-content\/uploads\/sites\/3\/2021\/12\/20210921_164106-1600x900.jpg 1600w, https:\/\/villagesaintjoseph.org\/misericorde\/wp-content\/uploads\/sites\/3\/2021\/12\/20210921_164106-1400x788.jpg 1400w\" sizes=\"auto, (max-width: 1024px) 100vw, 1024px\" \/><\/figure>\n<\/figure>\n\n\n\n<p>Accompagn\u00e9s par Marie-Th\u00e9r\u00e8se qui tenait un atelier et une boutique de poterie \u00e0 Ars, nos fr\u00e8res et s\u0153urs s&rsquo;initient au travail de modelage ou \u00e0 la plaque. Travail libre ou guid\u00e9 par des formes \u00e0 l&#8217;emporte-pi\u00e8ce chacun peut cr\u00e9er une pi\u00e8ce unique qui prendra place au c\u0153ur de la boutique o\u00f9 s&rsquo;exposent toutes ce qui est r\u00e9alis\u00e9 dans les ateliers artisanaux.<\/p>\n\n\n\n<h2 class=\"wp-block-heading\">Le jardin-potager<\/h2>\n\n\n\n<figure class=\"wp-block-gallery has-nested-images columns-default is-cropped wp-block-gallery-4 is-layout-flex wp-block-gallery-is-layout-flex\">\n<figure class=\"wp-block-image size-large\"><img loading=\"lazy\" decoding=\"async\" width=\"1024\" height=\"498\" data-id=\"842\" src=\"https:\/\/villagesaintjoseph.org\/misericorde\/wp-content\/uploads\/sites\/3\/2021\/12\/20210824_114420-1024x498.jpg\" alt=\"\" class=\"wp-image-842\" srcset=\"https:\/\/villagesaintjoseph.org\/misericorde\/wp-content\/uploads\/sites\/3\/2021\/12\/20210824_114420-1024x498.jpg 1024w, https:\/\/villagesaintjoseph.org\/misericorde\/wp-content\/uploads\/sites\/3\/2021\/12\/20210824_114420-300x146.jpg 300w, https:\/\/villagesaintjoseph.org\/misericorde\/wp-content\/uploads\/sites\/3\/2021\/12\/20210824_114420-768x373.jpg 768w, https:\/\/villagesaintjoseph.org\/misericorde\/wp-content\/uploads\/sites\/3\/2021\/12\/20210824_114420-1536x747.jpg 1536w, https:\/\/villagesaintjoseph.org\/misericorde\/wp-content\/uploads\/sites\/3\/2021\/12\/20210824_114420-2048x996.jpg 2048w, https:\/\/villagesaintjoseph.org\/misericorde\/wp-content\/uploads\/sites\/3\/2021\/12\/20210824_114420-1600x778.jpg 1600w, https:\/\/villagesaintjoseph.org\/misericorde\/wp-content\/uploads\/sites\/3\/2021\/12\/20210824_114420-1400x681.jpg 1400w\" sizes=\"auto, (max-width: 1024px) 100vw, 1024px\" \/><\/figure>\n\n\n\n<figure class=\"wp-block-image size-large\"><img loading=\"lazy\" decoding=\"async\" width=\"1024\" height=\"768\" data-id=\"843\" src=\"https:\/\/villagesaintjoseph.org\/misericorde\/wp-content\/uploads\/sites\/3\/2021\/12\/20211001_104347_01-1024x768.jpg\" alt=\"\" class=\"wp-image-843\" srcset=\"https:\/\/villagesaintjoseph.org\/misericorde\/wp-content\/uploads\/sites\/3\/2021\/12\/20211001_104347_01-1024x768.jpg 1024w, https:\/\/villagesaintjoseph.org\/misericorde\/wp-content\/uploads\/sites\/3\/2021\/12\/20211001_104347_01-300x225.jpg 300w, https:\/\/villagesaintjoseph.org\/misericorde\/wp-content\/uploads\/sites\/3\/2021\/12\/20211001_104347_01-768x576.jpg 768w, https:\/\/villagesaintjoseph.org\/misericorde\/wp-content\/uploads\/sites\/3\/2021\/12\/20211001_104347_01-1536x1152.jpg 1536w, https:\/\/villagesaintjoseph.org\/misericorde\/wp-content\/uploads\/sites\/3\/2021\/12\/20211001_104347_01-2048x1536.jpg 2048w, https:\/\/villagesaintjoseph.org\/misericorde\/wp-content\/uploads\/sites\/3\/2021\/12\/20211001_104347_01-1600x1200.jpg 1600w, https:\/\/villagesaintjoseph.org\/misericorde\/wp-content\/uploads\/sites\/3\/2021\/12\/20211001_104347_01-1400x1050.jpg 1400w\" sizes=\"auto, (max-width: 1024px) 100vw, 1024px\" \/><\/figure>\n\n\n\n<figure class=\"wp-block-image size-large\"><img loading=\"lazy\" decoding=\"async\" width=\"1024\" height=\"768\" data-id=\"844\" src=\"https:\/\/villagesaintjoseph.org\/misericorde\/wp-content\/uploads\/sites\/3\/2021\/12\/20211001_183308_01-1024x768.jpg\" alt=\"\" class=\"wp-image-844\" srcset=\"https:\/\/villagesaintjoseph.org\/misericorde\/wp-content\/uploads\/sites\/3\/2021\/12\/20211001_183308_01-1024x768.jpg 1024w, https:\/\/villagesaintjoseph.org\/misericorde\/wp-content\/uploads\/sites\/3\/2021\/12\/20211001_183308_01-300x225.jpg 300w, https:\/\/villagesaintjoseph.org\/misericorde\/wp-content\/uploads\/sites\/3\/2021\/12\/20211001_183308_01-768x576.jpg 768w, https:\/\/villagesaintjoseph.org\/misericorde\/wp-content\/uploads\/sites\/3\/2021\/12\/20211001_183308_01-1536x1152.jpg 1536w, https:\/\/villagesaintjoseph.org\/misericorde\/wp-content\/uploads\/sites\/3\/2021\/12\/20211001_183308_01-2048x1536.jpg 2048w, https:\/\/villagesaintjoseph.org\/misericorde\/wp-content\/uploads\/sites\/3\/2021\/12\/20211001_183308_01-1600x1200.jpg 1600w, https:\/\/villagesaintjoseph.org\/misericorde\/wp-content\/uploads\/sites\/3\/2021\/12\/20211001_183308_01-1400x1050.jpg 1400w\" sizes=\"auto, (max-width: 1024px) 100vw, 1024px\" \/><\/figure>\n<\/figure>\n\n\n\n<p>Bien qu&rsquo;en plein centre du village d&rsquo;Ars, le Foyer de Mis\u00e9ricorde poss\u00e8de un petit jardin-potager g\u00e9r\u00e9 en permaculture ainsi qu&rsquo;un poulailler. L&rsquo;entretien de potager mais aussi du jardin d&rsquo;agr\u00e9ment fait partie des activit\u00e9s r\u00e9guli\u00e8res durant la belle saison. <\/p>\n\n\n\n<h2 class=\"wp-block-heading\">Animations autour du bien-\u00eatre<\/h2>\n\n\n\n<figure class=\"wp-block-gallery has-nested-images columns-default is-cropped wp-block-gallery-5 is-layout-flex wp-block-gallery-is-layout-flex\">\n<figure class=\"wp-block-image size-large\"><img loading=\"lazy\" decoding=\"async\" width=\"1024\" height=\"1024\" data-id=\"849\" src=\"https:\/\/villagesaintjoseph.org\/misericorde\/wp-content\/uploads\/sites\/3\/2021\/12\/20211005_110437_03-1024x1024.jpg\" alt=\"\" class=\"wp-image-849\" srcset=\"https:\/\/villagesaintjoseph.org\/misericorde\/wp-content\/uploads\/sites\/3\/2021\/12\/20211005_110437_03-1024x1024.jpg 1024w, https:\/\/villagesaintjoseph.org\/misericorde\/wp-content\/uploads\/sites\/3\/2021\/12\/20211005_110437_03-300x300.jpg 300w, https:\/\/villagesaintjoseph.org\/misericorde\/wp-content\/uploads\/sites\/3\/2021\/12\/20211005_110437_03-150x150.jpg 150w, https:\/\/villagesaintjoseph.org\/misericorde\/wp-content\/uploads\/sites\/3\/2021\/12\/20211005_110437_03-768x768.jpg 768w, https:\/\/villagesaintjoseph.org\/misericorde\/wp-content\/uploads\/sites\/3\/2021\/12\/20211005_110437_03-1536x1536.jpg 1536w, https:\/\/villagesaintjoseph.org\/misericorde\/wp-content\/uploads\/sites\/3\/2021\/12\/20211005_110437_03-2048x2048.jpg 2048w, https:\/\/villagesaintjoseph.org\/misericorde\/wp-content\/uploads\/sites\/3\/2021\/12\/20211005_110437_03-1600x1600.jpg 1600w, https:\/\/villagesaintjoseph.org\/misericorde\/wp-content\/uploads\/sites\/3\/2021\/12\/20211005_110437_03-1400x1400.jpg 1400w\" sizes=\"auto, (max-width: 1024px) 100vw, 1024px\" \/><\/figure>\n\n\n\n<figure class=\"wp-block-image size-large\"><img loading=\"lazy\" decoding=\"async\" width=\"1024\" height=\"683\" data-id=\"851\" src=\"https:\/\/villagesaintjoseph.org\/misericorde\/wp-content\/uploads\/sites\/3\/2021\/12\/IMG_7541-1024x683.jpg\" alt=\"\" class=\"wp-image-851\" srcset=\"https:\/\/villagesaintjoseph.org\/misericorde\/wp-content\/uploads\/sites\/3\/2021\/12\/IMG_7541-1024x683.jpg 1024w, https:\/\/villagesaintjoseph.org\/misericorde\/wp-content\/uploads\/sites\/3\/2021\/12\/IMG_7541-300x200.jpg 300w, https:\/\/villagesaintjoseph.org\/misericorde\/wp-content\/uploads\/sites\/3\/2021\/12\/IMG_7541-768x512.jpg 768w, https:\/\/villagesaintjoseph.org\/misericorde\/wp-content\/uploads\/sites\/3\/2021\/12\/IMG_7541-1536x1024.jpg 1536w, https:\/\/villagesaintjoseph.org\/misericorde\/wp-content\/uploads\/sites\/3\/2021\/12\/IMG_7541-2048x1365.jpg 2048w, https:\/\/villagesaintjoseph.org\/misericorde\/wp-content\/uploads\/sites\/3\/2021\/12\/IMG_7541-1600x1067.jpg 1600w, https:\/\/villagesaintjoseph.org\/misericorde\/wp-content\/uploads\/sites\/3\/2021\/12\/IMG_7541-1400x933.jpg 1400w\" sizes=\"auto, (max-width: 1024px) 100vw, 1024px\" \/><\/figure>\n\n\n\n<figure class=\"wp-block-image size-large\"><img loading=\"lazy\" decoding=\"async\" width=\"1024\" height=\"683\" data-id=\"852\" src=\"https:\/\/villagesaintjoseph.org\/misericorde\/wp-content\/uploads\/sites\/3\/2021\/12\/IMG_1350-2-1024x683.jpg\" alt=\"\" class=\"wp-image-852\" srcset=\"https:\/\/villagesaintjoseph.org\/misericorde\/wp-content\/uploads\/sites\/3\/2021\/12\/IMG_1350-2-1024x683.jpg 1024w, https:\/\/villagesaintjoseph.org\/misericorde\/wp-content\/uploads\/sites\/3\/2021\/12\/IMG_1350-2-300x200.jpg 300w, https:\/\/villagesaintjoseph.org\/misericorde\/wp-content\/uploads\/sites\/3\/2021\/12\/IMG_1350-2-768x512.jpg 768w, https:\/\/villagesaintjoseph.org\/misericorde\/wp-content\/uploads\/sites\/3\/2021\/12\/IMG_1350-2-1536x1024.jpg 1536w, https:\/\/villagesaintjoseph.org\/misericorde\/wp-content\/uploads\/sites\/3\/2021\/12\/IMG_1350-2-2048x1365.jpg 2048w, https:\/\/villagesaintjoseph.org\/misericorde\/wp-content\/uploads\/sites\/3\/2021\/12\/IMG_1350-2-1600x1067.jpg 1600w, https:\/\/villagesaintjoseph.org\/misericorde\/wp-content\/uploads\/sites\/3\/2021\/12\/IMG_1350-2-1400x933.jpg 1400w\" sizes=\"auto, (max-width: 1024px) 100vw, 1024px\" \/><\/figure>\n\n\n\n<figure class=\"wp-block-image size-large\"><img loading=\"lazy\" decoding=\"async\" width=\"1024\" height=\"683\" data-id=\"854\" src=\"https:\/\/villagesaintjoseph.org\/misericorde\/wp-content\/uploads\/sites\/3\/2021\/12\/IMG_4105-1024x683.jpg\" alt=\"\" class=\"wp-image-854\" srcset=\"https:\/\/villagesaintjoseph.org\/misericorde\/wp-content\/uploads\/sites\/3\/2021\/12\/IMG_4105-1024x683.jpg 1024w, https:\/\/villagesaintjoseph.org\/misericorde\/wp-content\/uploads\/sites\/3\/2021\/12\/IMG_4105-300x200.jpg 300w, https:\/\/villagesaintjoseph.org\/misericorde\/wp-content\/uploads\/sites\/3\/2021\/12\/IMG_4105-768x512.jpg 768w, https:\/\/villagesaintjoseph.org\/misericorde\/wp-content\/uploads\/sites\/3\/2021\/12\/IMG_4105-1536x1024.jpg 1536w, https:\/\/villagesaintjoseph.org\/misericorde\/wp-content\/uploads\/sites\/3\/2021\/12\/IMG_4105-2048x1365.jpg 2048w, https:\/\/villagesaintjoseph.org\/misericorde\/wp-content\/uploads\/sites\/3\/2021\/12\/IMG_4105-1600x1067.jpg 1600w, https:\/\/villagesaintjoseph.org\/misericorde\/wp-content\/uploads\/sites\/3\/2021\/12\/IMG_4105-1400x933.jpg 1400w\" sizes=\"auto, (max-width: 1024px) 100vw, 1024px\" \/><\/figure>\n\n\n\n<figure class=\"wp-block-image size-large\"><img loading=\"lazy\" decoding=\"async\" width=\"1024\" height=\"683\" data-id=\"855\" src=\"https:\/\/villagesaintjoseph.org\/misericorde\/wp-content\/uploads\/sites\/3\/2021\/12\/IMG_2329-1024x683.jpg\" alt=\"\" class=\"wp-image-855\" srcset=\"https:\/\/villagesaintjoseph.org\/misericorde\/wp-content\/uploads\/sites\/3\/2021\/12\/IMG_2329-1024x683.jpg 1024w, https:\/\/villagesaintjoseph.org\/misericorde\/wp-content\/uploads\/sites\/3\/2021\/12\/IMG_2329-300x200.jpg 300w, https:\/\/villagesaintjoseph.org\/misericorde\/wp-content\/uploads\/sites\/3\/2021\/12\/IMG_2329-768x512.jpg 768w, https:\/\/villagesaintjoseph.org\/misericorde\/wp-content\/uploads\/sites\/3\/2021\/12\/IMG_2329-1536x1024.jpg 1536w, https:\/\/villagesaintjoseph.org\/misericorde\/wp-content\/uploads\/sites\/3\/2021\/12\/IMG_2329-2048x1365.jpg 2048w, https:\/\/villagesaintjoseph.org\/misericorde\/wp-content\/uploads\/sites\/3\/2021\/12\/IMG_2329-1600x1067.jpg 1600w, https:\/\/villagesaintjoseph.org\/misericorde\/wp-content\/uploads\/sites\/3\/2021\/12\/IMG_2329-1400x933.jpg 1400w\" sizes=\"auto, (max-width: 1024px) 100vw, 1024px\" \/><\/figure>\n<\/figure>\n\n\n\n<p>Etre bien, le bien-\u00eatre, fait partie du chemin vers le aller mieux. Le Foyer de Mis\u00e9ricorde int\u00e8gre dans son programme hebdomadaire des activit\u00e9s qui visent \u00e0 se sentir bien. Sans \u00eatre \u00e0 vis\u00e9e directement th\u00e9rapeutique pour rester dans le cadre de l&rsquo;accompagnement et de la vie fraternelle, ces activit\u00e9s font partie du chemin de gu\u00e9rison de chacun : musique, chant, marche, th\u00e9\u00e2tre, bien-\u00eatre par le cheval&#8230;<\/p>\n","protected":false},"excerpt":{"rendered":"<p>La vie spirituelle et fraternelle, piliers de chaque maison du Village Saint Joseph, animent chaque journ\u00e9e du Foyer de Mis\u00e9ricorde. Apr\u00e8s le temps de partage de la Parole chaque matin, chacun se r\u00e9partit dans les diff\u00e9rentes activit\u00e9s : La mosa\u00efque Ce qui est bris\u00e9, en morceaux peut r\u00e9v\u00e9ler une grande beaut\u00e9. C&rsquo;est ce que nous [&hellip;]<\/p>\n","protected":false},"author":15,"featured_media":110,"parent":816,"menu_order":2,"comment_status":"closed","ping_status":"closed","template":"","meta":{"inline_featured_image":false,"footnotes":""},"class_list":["post-52","page","type-page","status-publish","has-post-thumbnail","hentry"],"acf":[],"yoast_head":"<!-- This site is optimized with the Yoast SEO plugin v27.5 - https:\/\/yoast.com\/product\/yoast-seo-wordpress\/ -->\n<title>La vie de la Maison - Foyer de Mis\u00e9ricorde<\/title>\n<meta name=\"description\" content=\"La vie spirituelle et fraternelle, piliers de chaque maison du Village Saint Joseph, animent chaque journ\u00e9e du Foyer de Mis\u00e9ricorde. Apr\u00e8s le temps de\" \/>\n<meta name=\"robots\" content=\"index, follow, max-snippet:-1, max-image-preview:large, max-video-preview:-1\" \/>\n<link rel=\"canonical\" href=\"https:\/\/villagesaintjoseph.org\/misericorde\/le-foyer-de-misericorde-2\/organisation\/\" \/>\n<meta property=\"og:locale\" content=\"fr_FR\" \/>\n<meta property=\"og:type\" content=\"article\" \/>\n<meta property=\"og:title\" content=\"La vie de la Maison - Foyer de Mis\u00e9ricorde\" \/>\n<meta property=\"og:description\" content=\"La vie spirituelle et fraternelle, piliers de chaque maison du Village Saint Joseph, animent chaque journ\u00e9e du Foyer de Mis\u00e9ricorde. Apr\u00e8s le temps de\" \/>\n<meta property=\"og:url\" content=\"https:\/\/villagesaintjoseph.org\/misericorde\/le-foyer-de-misericorde-2\/organisation\/\" \/>\n<meta property=\"og:site_name\" content=\"Foyer de Mis\u00e9ricorde\" \/>\n<meta property=\"article:modified_time\" content=\"2022-09-09T08:33:45+00:00\" \/>\n<meta property=\"og:image\" content=\"https:\/\/villagesaintjoseph.org\/misericorde\/wp-content\/uploads\/sites\/3\/2021\/11\/Copie-de-Unnamed-Design-1024x576.png\" \/>\n\t<meta property=\"og:image:width\" content=\"1024\" \/>\n\t<meta property=\"og:image:height\" content=\"576\" \/>\n\t<meta property=\"og:image:type\" content=\"image\/png\" \/>\n<meta name=\"twitter:card\" content=\"summary_large_image\" \/>\n<meta name=\"twitter:label1\" content=\"Dur\u00e9e de lecture estim\u00e9e\" \/>\n\t<meta name=\"twitter:data1\" content=\"2 minutes\" \/>\n<script type=\"application\/ld+json\" class=\"yoast-schema-graph\">{\"@context\":\"https:\\\/\\\/schema.org\",\"@graph\":[{\"@type\":\"WebPage\",\"@id\":\"https:\\\/\\\/villagesaintjoseph.org\\\/misericorde\\\/le-foyer-de-misericorde-2\\\/organisation\\\/\",\"url\":\"https:\\\/\\\/villagesaintjoseph.org\\\/misericorde\\\/le-foyer-de-misericorde-2\\\/organisation\\\/\",\"name\":\"La vie de la Maison - Foyer de Mis\u00e9ricorde\",\"isPartOf\":{\"@id\":\"https:\\\/\\\/villagesaintjoseph.org\\\/misericorde\\\/#website\"},\"primaryImageOfPage\":{\"@id\":\"https:\\\/\\\/villagesaintjoseph.org\\\/misericorde\\\/le-foyer-de-misericorde-2\\\/organisation\\\/#primaryimage\"},\"image\":{\"@id\":\"https:\\\/\\\/villagesaintjoseph.org\\\/misericorde\\\/le-foyer-de-misericorde-2\\\/organisation\\\/#primaryimage\"},\"thumbnailUrl\":\"https:\\\/\\\/villagesaintjoseph.org\\\/misericorde\\\/wp-content\\\/uploads\\\/sites\\\/3\\\/2021\\\/11\\\/Copie-de-Unnamed-Design.png\",\"datePublished\":\"2021-05-03T08:06:29+00:00\",\"dateModified\":\"2022-09-09T08:33:45+00:00\",\"description\":\"La vie spirituelle et fraternelle, piliers de chaque maison du Village Saint Joseph, animent chaque journ\u00e9e du Foyer de Mis\u00e9ricorde. Apr\u00e8s le temps de\",\"breadcrumb\":{\"@id\":\"https:\\\/\\\/villagesaintjoseph.org\\\/misericorde\\\/le-foyer-de-misericorde-2\\\/organisation\\\/#breadcrumb\"},\"inLanguage\":\"fr-FR\",\"potentialAction\":[{\"@type\":\"ReadAction\",\"target\":[\"https:\\\/\\\/villagesaintjoseph.org\\\/misericorde\\\/le-foyer-de-misericorde-2\\\/organisation\\\/\"]}]},{\"@type\":\"ImageObject\",\"inLanguage\":\"fr-FR\",\"@id\":\"https:\\\/\\\/villagesaintjoseph.org\\\/misericorde\\\/le-foyer-de-misericorde-2\\\/organisation\\\/#primaryimage\",\"url\":\"https:\\\/\\\/villagesaintjoseph.org\\\/misericorde\\\/wp-content\\\/uploads\\\/sites\\\/3\\\/2021\\\/11\\\/Copie-de-Unnamed-Design.png\",\"contentUrl\":\"https:\\\/\\\/villagesaintjoseph.org\\\/misericorde\\\/wp-content\\\/uploads\\\/sites\\\/3\\\/2021\\\/11\\\/Copie-de-Unnamed-Design.png\",\"width\":2240,\"height\":1260},{\"@type\":\"BreadcrumbList\",\"@id\":\"https:\\\/\\\/villagesaintjoseph.org\\\/misericorde\\\/le-foyer-de-misericorde-2\\\/organisation\\\/#breadcrumb\",\"itemListElement\":[{\"@type\":\"ListItem\",\"position\":1,\"name\":\"Accueil\",\"item\":\"https:\\\/\\\/villagesaintjoseph.org\\\/misericorde\\\/\"},{\"@type\":\"ListItem\",\"position\":2,\"name\":\"Le Foyer de Mis\u00e9ricorde\",\"item\":\"https:\\\/\\\/villagesaintjoseph.org\\\/misericorde\\\/le-foyer-de-misericorde-2\\\/\"},{\"@type\":\"ListItem\",\"position\":3,\"name\":\"La vie de la Maison\"}]},{\"@type\":\"WebSite\",\"@id\":\"https:\\\/\\\/villagesaintjoseph.org\\\/misericorde\\\/#website\",\"url\":\"https:\\\/\\\/villagesaintjoseph.org\\\/misericorde\\\/\",\"name\":\"Foyer de Mis\u00e9ricorde\",\"description\":\"\",\"potentialAction\":[{\"@type\":\"SearchAction\",\"target\":{\"@type\":\"EntryPoint\",\"urlTemplate\":\"https:\\\/\\\/villagesaintjoseph.org\\\/misericorde\\\/?s={search_term_string}\"},\"query-input\":{\"@type\":\"PropertyValueSpecification\",\"valueRequired\":true,\"valueName\":\"search_term_string\"}}],\"inLanguage\":\"fr-FR\"}]}<\/script>\n<!-- \/ Yoast SEO plugin. -->","yoast_head_json":{"title":"La vie de la Maison - Foyer de Mis\u00e9ricorde","description":"La vie spirituelle et fraternelle, piliers de chaque maison du Village Saint Joseph, animent chaque journ\u00e9e du Foyer de Mis\u00e9ricorde. Apr\u00e8s le temps de","robots":{"index":"index","follow":"follow","max-snippet":"max-snippet:-1","max-image-preview":"max-image-preview:large","max-video-preview":"max-video-preview:-1"},"canonical":"https:\/\/villagesaintjoseph.org\/misericorde\/le-foyer-de-misericorde-2\/organisation\/","og_locale":"fr_FR","og_type":"article","og_title":"La vie de la Maison - Foyer de Mis\u00e9ricorde","og_description":"La vie spirituelle et fraternelle, piliers de chaque maison du Village Saint Joseph, animent chaque journ\u00e9e du Foyer de Mis\u00e9ricorde. Apr\u00e8s le temps de","og_url":"https:\/\/villagesaintjoseph.org\/misericorde\/le-foyer-de-misericorde-2\/organisation\/","og_site_name":"Foyer de Mis\u00e9ricorde","article_modified_time":"2022-09-09T08:33:45+00:00","og_image":[{"width":1024,"height":576,"url":"https:\/\/villagesaintjoseph.org\/misericorde\/wp-content\/uploads\/sites\/3\/2021\/11\/Copie-de-Unnamed-Design-1024x576.png","type":"image\/png"}],"twitter_card":"summary_large_image","twitter_misc":{"Dur\u00e9e de lecture estim\u00e9e":"2 minutes"},"schema":{"@context":"https:\/\/schema.org","@graph":[{"@type":"WebPage","@id":"https:\/\/villagesaintjoseph.org\/misericorde\/le-foyer-de-misericorde-2\/organisation\/","url":"https:\/\/villagesaintjoseph.org\/misericorde\/le-foyer-de-misericorde-2\/organisation\/","name":"La vie de la Maison - Foyer de Mis\u00e9ricorde","isPartOf":{"@id":"https:\/\/villagesaintjoseph.org\/misericorde\/#website"},"primaryImageOfPage":{"@id":"https:\/\/villagesaintjoseph.org\/misericorde\/le-foyer-de-misericorde-2\/organisation\/#primaryimage"},"image":{"@id":"https:\/\/villagesaintjoseph.org\/misericorde\/le-foyer-de-misericorde-2\/organisation\/#primaryimage"},"thumbnailUrl":"https:\/\/villagesaintjoseph.org\/misericorde\/wp-content\/uploads\/sites\/3\/2021\/11\/Copie-de-Unnamed-Design.png","datePublished":"2021-05-03T08:06:29+00:00","dateModified":"2022-09-09T08:33:45+00:00","description":"La vie spirituelle et fraternelle, piliers de chaque maison du Village Saint Joseph, animent chaque journ\u00e9e du Foyer de Mis\u00e9ricorde. Apr\u00e8s le temps de","breadcrumb":{"@id":"https:\/\/villagesaintjoseph.org\/misericorde\/le-foyer-de-misericorde-2\/organisation\/#breadcrumb"},"inLanguage":"fr-FR","potentialAction":[{"@type":"ReadAction","target":["https:\/\/villagesaintjoseph.org\/misericorde\/le-foyer-de-misericorde-2\/organisation\/"]}]},{"@type":"ImageObject","inLanguage":"fr-FR","@id":"https:\/\/villagesaintjoseph.org\/misericorde\/le-foyer-de-misericorde-2\/organisation\/#primaryimage","url":"https:\/\/villagesaintjoseph.org\/misericorde\/wp-content\/uploads\/sites\/3\/2021\/11\/Copie-de-Unnamed-Design.png","contentUrl":"https:\/\/villagesaintjoseph.org\/misericorde\/wp-content\/uploads\/sites\/3\/2021\/11\/Copie-de-Unnamed-Design.png","width":2240,"height":1260},{"@type":"BreadcrumbList","@id":"https:\/\/villagesaintjoseph.org\/misericorde\/le-foyer-de-misericorde-2\/organisation\/#breadcrumb","itemListElement":[{"@type":"ListItem","position":1,"name":"Accueil","item":"https:\/\/villagesaintjoseph.org\/misericorde\/"},{"@type":"ListItem","position":2,"name":"Le Foyer de Mis\u00e9ricorde","item":"https:\/\/villagesaintjoseph.org\/misericorde\/le-foyer-de-misericorde-2\/"},{"@type":"ListItem","position":3,"name":"La vie de la Maison"}]},{"@type":"WebSite","@id":"https:\/\/villagesaintjoseph.org\/misericorde\/#website","url":"https:\/\/villagesaintjoseph.org\/misericorde\/","name":"Foyer de Mis\u00e9ricorde","description":"","potentialAction":[{"@type":"SearchAction","target":{"@type":"EntryPoint","urlTemplate":"https:\/\/villagesaintjoseph.org\/misericorde\/?s={search_term_string}"},"query-input":{"@type":"PropertyValueSpecification","valueRequired":true,"valueName":"search_term_string"}}],"inLanguage":"fr-FR"}]}},"_links":{"self":[{"href":"https:\/\/villagesaintjoseph.org\/misericorde\/wp-json\/wp\/v2\/pages\/52","targetHints":{"allow":["GET"]}}],"collection":[{"href":"https:\/\/villagesaintjoseph.org\/misericorde\/wp-json\/wp\/v2\/pages"}],"about":[{"href":"https:\/\/villagesaintjoseph.org\/misericorde\/wp-json\/wp\/v2\/types\/page"}],"author":[{"embeddable":true,"href":"https:\/\/villagesaintjoseph.org\/misericorde\/wp-json\/wp\/v2\/users\/15"}],"replies":[{"embeddable":true,"href":"https:\/\/villagesaintjoseph.org\/misericorde\/wp-json\/wp\/v2\/comments?post=52"}],"version-history":[{"count":8,"href":"https:\/\/villagesaintjoseph.org\/misericorde\/wp-json\/wp\/v2\/pages\/52\/revisions"}],"predecessor-version":[{"id":1078,"href":"https:\/\/villagesaintjoseph.org\/misericorde\/wp-json\/wp\/v2\/pages\/52\/revisions\/1078"}],"up":[{"embeddable":true,"href":"https:\/\/villagesaintjoseph.org\/misericorde\/wp-json\/wp\/v2\/pages\/816"}],"wp:featuredmedia":[{"embeddable":true,"href":"https:\/\/villagesaintjoseph.org\/misericorde\/wp-json\/wp\/v2\/media\/110"}],"wp:attachment":[{"href":"https:\/\/villagesaintjoseph.org\/misericorde\/wp-json\/wp\/v2\/media?parent=52"}],"curies":[{"name":"wp","href":"https:\/\/api.w.org\/{rel}","templated":true}]}}