{"id":212,"date":"2022-01-10T15:47:37","date_gmt":"2022-01-10T14:47:37","guid":{"rendered":"https:\/\/plounevez-quintin.stjoseph.ovh\/?page_id=212"},"modified":"2022-02-15T10:49:43","modified_gmt":"2022-02-15T09:49:43","slug":"notre-projet","status":"publish","type":"page","link":"https:\/\/villagesaintjoseph.org\/plounevez-quintin\/la-maison-de-plounevez-quintin\/notre-projet\/","title":{"rendered":"Projet"},"content":{"rendered":"\n<p><strong>Au Village, nous estimons que, face aux diff\u00e9rentes blessures inflig\u00e9es par la vie&nbsp;(blessures morales, spirituelles, psychologiques, affectives, sociales, familiales, professionnelles\u2026), la famille est&nbsp;un lieu d\u2019accueil, de partage et m\u00eame&nbsp;un vecteur de gu\u00e9rison o\u00f9 chacun peut retrouver la paix et l\u2019unit\u00e9 de son \u00eatre, qui est \u00e0 la fois corps, \u00e2me, et esprit.<\/strong><\/p>\n\n\n\n<div class=\"wp-block-media-text alignwide is-stacked-on-mobile\" style=\"grid-template-columns:20% auto\"><figure class=\"wp-block-media-text__media\"><img loading=\"lazy\" decoding=\"async\" width=\"800\" height=\"800\" src=\"https:\/\/villagesaintjoseph.org\/plounevez-quintin\/wp-content\/uploads\/sites\/6\/2022\/02\/20170715-Pierre-carre.jpg\" alt=\"\" class=\"wp-image-765 size-full\" srcset=\"https:\/\/villagesaintjoseph.org\/plounevez-quintin\/wp-content\/uploads\/sites\/6\/2022\/02\/20170715-Pierre-carre.jpg 800w, https:\/\/villagesaintjoseph.org\/plounevez-quintin\/wp-content\/uploads\/sites\/6\/2022\/02\/20170715-Pierre-carre-300x300.jpg 300w, https:\/\/villagesaintjoseph.org\/plounevez-quintin\/wp-content\/uploads\/sites\/6\/2022\/02\/20170715-Pierre-carre-150x150.jpg 150w, https:\/\/villagesaintjoseph.org\/plounevez-quintin\/wp-content\/uploads\/sites\/6\/2022\/02\/20170715-Pierre-carre-768x768.jpg 768w\" sizes=\"auto, (max-width: 800px) 100vw, 800px\" \/><\/figure><div class=\"wp-block-media-text__content\">\n<h2 class=\"wp-block-heading\">Notre vision<\/h2>\n\n\n\n<p><strong>Changeons le monde&nbsp;en accueillant&nbsp;CHACUN comme un \u00eatre&nbsp;infiniment pr\u00e9cieux&nbsp;!<\/strong><\/p>\n\n\n\n<p>Nous accueillons toute personne &nbsp;bless\u00e9e ou fragile comme une personne infiniment pr\u00e9cieuse. Nous donnons sa place \u00e0 chacun, dans le respect de son histoire.<br>Nous croyons que la fragilit\u00e9 peut devenir une richesse pour la famille, pour l\u2019entreprise, pour la soci\u00e9t\u00e9.<\/p>\n<\/div><\/div>\n\n\n\n<div class=\"wp-block-media-text alignwide has-media-on-the-right is-stacked-on-mobile\" style=\"grid-template-columns:auto 20%\"><figure class=\"wp-block-media-text__media\"><img loading=\"lazy\" decoding=\"async\" width=\"800\" height=\"800\" src=\"https:\/\/villagesaintjoseph.org\/plounevez-quintin\/wp-content\/uploads\/sites\/6\/2022\/02\/20160318-Alain-et-Nathanael-carre.jpg\" alt=\"\" class=\"wp-image-767 size-full\" srcset=\"https:\/\/villagesaintjoseph.org\/plounevez-quintin\/wp-content\/uploads\/sites\/6\/2022\/02\/20160318-Alain-et-Nathanael-carre.jpg 800w, https:\/\/villagesaintjoseph.org\/plounevez-quintin\/wp-content\/uploads\/sites\/6\/2022\/02\/20160318-Alain-et-Nathanael-carre-300x300.jpg 300w, https:\/\/villagesaintjoseph.org\/plounevez-quintin\/wp-content\/uploads\/sites\/6\/2022\/02\/20160318-Alain-et-Nathanael-carre-150x150.jpg 150w, https:\/\/villagesaintjoseph.org\/plounevez-quintin\/wp-content\/uploads\/sites\/6\/2022\/02\/20160318-Alain-et-Nathanael-carre-768x768.jpg 768w\" sizes=\"auto, (max-width: 800px) 100vw, 800px\" \/><\/figure><div class=\"wp-block-media-text__content\">\n<h2 class=\"wp-block-heading\">Notre mission<\/h2>\n\n\n\n<p><strong>Accueillir la personne en prenant en compte toutes ses dimensions, en lui donnant une aide mat\u00e9rielle, mais aussi affective et spirituelle, en l\u2019aidant \u00e0 se remettre debout.<\/strong><\/p>\n\n\n\n<p>Nous accueillons chacun avec un regard neuf dans de petits foyers \u00e0 dimension familiale, lui laissant le temps qui lui est n\u00e9cessaire pour redevenir acteur de sa vie en se mettant au service. Nous l\u2019accompagnons et lui proposons un outil de r\u00e9insertion sociale et pr\u00e9 professionnelle&nbsp;: les activit\u00e9s th\u00e9rapeutiques et ateliers.<\/p>\n<\/div><\/div>\n\n\n\n<div class=\"wp-block-media-text alignwide is-stacked-on-mobile\" style=\"grid-template-columns:20% auto\"><figure class=\"wp-block-media-text__media\"><img loading=\"lazy\" decoding=\"async\" width=\"800\" height=\"800\" src=\"https:\/\/villagesaintjoseph.org\/plounevez-quintin\/wp-content\/uploads\/sites\/6\/2022\/02\/20140500-Residents-et-amis-VSJ2.jpg\" alt=\"\" class=\"wp-image-752 size-full\" srcset=\"https:\/\/villagesaintjoseph.org\/plounevez-quintin\/wp-content\/uploads\/sites\/6\/2022\/02\/20140500-Residents-et-amis-VSJ2.jpg 800w, https:\/\/villagesaintjoseph.org\/plounevez-quintin\/wp-content\/uploads\/sites\/6\/2022\/02\/20140500-Residents-et-amis-VSJ2-300x300.jpg 300w, https:\/\/villagesaintjoseph.org\/plounevez-quintin\/wp-content\/uploads\/sites\/6\/2022\/02\/20140500-Residents-et-amis-VSJ2-150x150.jpg 150w, https:\/\/villagesaintjoseph.org\/plounevez-quintin\/wp-content\/uploads\/sites\/6\/2022\/02\/20140500-Residents-et-amis-VSJ2-768x768.jpg 768w\" sizes=\"auto, (max-width: 800px) 100vw, 800px\" \/><\/figure><div class=\"wp-block-media-text__content\">\n<h2 class=\"wp-block-heading\">Nos valeurs<\/h2>\n\n\n\n<p><strong>Bienveillance<\/strong>&nbsp;: se recevoir les uns les autres avec consid\u00e9ration<br><strong>Entraide<\/strong>&nbsp;: croire que celui qui re\u00e7oit est en capacit\u00e9 de donner<br><strong>Gratitude<\/strong>&nbsp;: choisir de se r\u00e9jouir, de s\u2019\u00e9merveiller, de remercier<br><strong>Esp\u00e9rance<\/strong>&nbsp;: avoir foi en soi, en l\u2019autre et en la soci\u00e9t\u00e9<\/p>\n<\/div><\/div>\n\n\n\n<div class=\"wp-block-media-text alignwide has-media-on-the-right is-stacked-on-mobile\" style=\"grid-template-columns:auto 20%\"><figure class=\"wp-block-media-text__media\"><img loading=\"lazy\" decoding=\"async\" width=\"800\" height=\"800\" src=\"https:\/\/villagesaintjoseph.org\/plounevez-quintin\/wp-content\/uploads\/sites\/6\/2022\/02\/20170331-Bernard-et-Richard-carre.jpg\" alt=\"\" class=\"wp-image-769 size-full\" srcset=\"https:\/\/villagesaintjoseph.org\/plounevez-quintin\/wp-content\/uploads\/sites\/6\/2022\/02\/20170331-Bernard-et-Richard-carre.jpg 800w, https:\/\/villagesaintjoseph.org\/plounevez-quintin\/wp-content\/uploads\/sites\/6\/2022\/02\/20170331-Bernard-et-Richard-carre-300x300.jpg 300w, https:\/\/villagesaintjoseph.org\/plounevez-quintin\/wp-content\/uploads\/sites\/6\/2022\/02\/20170331-Bernard-et-Richard-carre-150x150.jpg 150w, https:\/\/villagesaintjoseph.org\/plounevez-quintin\/wp-content\/uploads\/sites\/6\/2022\/02\/20170331-Bernard-et-Richard-carre-768x768.jpg 768w\" sizes=\"auto, (max-width: 800px) 100vw, 800px\" \/><\/figure><div class=\"wp-block-media-text__content\">\n<h2 class=\"wp-block-heading\">Notre promesse<\/h2>\n\n\n\n<p>Un temps de reconstruction de soi&nbsp;reposant sur 3 piliers<br><strong>La spiritualit\u00e9<\/strong><br><strong>La vie ensemble<\/strong><br><strong>Les activit\u00e9s<\/strong><\/p>\n\n\n\n<p>Nous accueillons des hommes et des femmes en difficult\u00e9 ayant des probl\u00e8mes mat\u00e9riels, affectifs (addictions, fragilit\u00e9s psychiques, sortie de prison, exclusion, sans domicile\u2026 ). Gr\u00e2ce aux 3 piliers que sont&nbsp;<a href=\"https:\/\/villagesaintjoseph.org\/plounevez-quintin\/vie-au-village\/vie-ensemble\/\">la vie fraternelle<\/a>,&nbsp;<a href=\"https:\/\/villagesaintjoseph.org\/plounevez-quintin\/vie-au-village\/ateliers-proposes\/\">les activit\u00e9s<\/a>&nbsp;et&nbsp;<a href=\"https:\/\/villagesaintjoseph.org\/plounevez-quintin\/vie-au-village\/vie-spirituelle\/\">la vie spirituelle<\/a>, nous mettons tout en \u0153uvre pour \u00eatre un tremplin permettant de se remettre debout et de retrouver sa place dans la soci\u00e9t\u00e9. Notre vocation : accompagner CHAQUE personne en lui offrant une solution adapt\u00e9e&nbsp;; nous offrons g\u00e9n\u00e9ralement un accueil ponctuel mais aussi, pour quelques-uns, un accueil \u00e0 long terme.<\/p>\n<\/div><\/div>\n\n\n\n<p>Nous faisons de l\u2019accueil chr\u00e9tien ; nous faisons partie du <a href=\"https:\/\/www.och.fr\/agir-ensemble\/soutenir-vos-projets\/#custom-tabs-projects|1\">r\u00e9seau Pierre-Fran\u00e7ois Jamet<\/a> anim\u00e9 par l\u2019OCH et qui regroupe une quarantaine de communaut\u00e9s ou d\u2019associations<strong>,<\/strong>&nbsp;tr\u00e8s diverses par leur anciennet\u00e9, leur dimension, leur type d\u2019accueil. Chaque ann\u00e9e, de nouvelles associations rejoignent le groupe.<\/p>\n\n\n\n<p>Notre maison de Ploun\u00e9vez-Quintin est \u00e9galement membre de l&rsquo;<a data-type=\"URL\" data-id=\"https:\/\/economie-de-communion.fr\" href=\"https:\/\/economie-de-communion.fr\">\u00c9conomie de Communion<\/a>, issue du mouvement des Focolari, qui \u0153uvre pour \u00e9liminer la pauvret\u00e9 sur un plan mondial en cr\u00e9ant des liens fraternels entre ceux qui donnent et ceux qui re\u00e7oivent.<\/p>\n","protected":false},"excerpt":{"rendered":"<p>Au Village, nous estimons que, face aux diff\u00e9rentes blessures inflig\u00e9es par la vie&nbsp;(blessures morales, spirituelles, psychologiques, affectives, sociales, familiales, professionnelles\u2026), la famille est&nbsp;un lieu d\u2019accueil, de partage et m\u00eame&nbsp;un vecteur de gu\u00e9rison o\u00f9 chacun peut retrouver la paix et l\u2019unit\u00e9 de son \u00eatre, qui est \u00e0 la fois corps, \u00e2me, et esprit. Notre vision Changeons [&hellip;]<\/p>\n","protected":false},"author":18,"featured_media":539,"parent":185,"menu_order":3,"comment_status":"closed","ping_status":"closed","template":"","meta":{"inline_featured_image":false,"footnotes":""},"class_list":["post-212","page","type-page","status-publish","has-post-thumbnail","hentry"],"acf":[],"yoast_head":"<!-- This site is optimized with the Yoast SEO plugin v27.5 - https:\/\/yoast.com\/product\/yoast-seo-wordpress\/ -->\n<title>Projet - Maison de Ploun\u00e9vez-Quintin<\/title>\n<meta name=\"description\" content=\"Au Village, nous estimons que, face aux diff\u00e9rentes blessures inflig\u00e9es par la vie&nbsp;(blessures morales, spirituelles, psychologiques, affectives,\" \/>\n<meta name=\"robots\" content=\"index, follow, max-snippet:-1, max-image-preview:large, max-video-preview:-1\" \/>\n<link rel=\"canonical\" href=\"https:\/\/villagesaintjoseph.org\/plounevez-quintin\/la-maison-de-plounevez-quintin\/notre-projet\/\" \/>\n<meta property=\"og:locale\" content=\"fr_FR\" \/>\n<meta property=\"og:type\" content=\"article\" \/>\n<meta property=\"og:title\" content=\"Projet - Maison de Ploun\u00e9vez-Quintin\" \/>\n<meta property=\"og:description\" content=\"Au Village, nous estimons que, face aux diff\u00e9rentes blessures inflig\u00e9es par la vie&nbsp;(blessures morales, spirituelles, psychologiques, affectives,\" \/>\n<meta property=\"og:url\" content=\"https:\/\/villagesaintjoseph.org\/plounevez-quintin\/la-maison-de-plounevez-quintin\/notre-projet\/\" \/>\n<meta property=\"og:site_name\" content=\"Maison de Ploun\u00e9vez-Quintin\" \/>\n<meta property=\"article:modified_time\" content=\"2022-02-15T09:49:43+00:00\" \/>\n<meta property=\"og:image\" content=\"https:\/\/villagesaintjoseph.org\/plounevez-quintin\/wp-content\/uploads\/sites\/6\/2022\/01\/20160909-Laure.jpg\" \/>\n\t<meta property=\"og:image:width\" content=\"1792\" \/>\n\t<meta property=\"og:image:height\" content=\"1200\" \/>\n\t<meta property=\"og:image:type\" content=\"image\/jpeg\" \/>\n<meta name=\"twitter:card\" content=\"summary_large_image\" \/>\n<meta name=\"twitter:label1\" content=\"Dur\u00e9e de lecture estim\u00e9e\" \/>\n\t<meta name=\"twitter:data1\" content=\"3 minutes\" \/>\n<script type=\"application\/ld+json\" class=\"yoast-schema-graph\">{\"@context\":\"https:\\\/\\\/schema.org\",\"@graph\":[{\"@type\":\"WebPage\",\"@id\":\"https:\\\/\\\/villagesaintjoseph.org\\\/plounevez-quintin\\\/la-maison-de-plounevez-quintin\\\/notre-projet\\\/\",\"url\":\"https:\\\/\\\/villagesaintjoseph.org\\\/plounevez-quintin\\\/la-maison-de-plounevez-quintin\\\/notre-projet\\\/\",\"name\":\"Projet - Maison de Ploun\u00e9vez-Quintin\",\"isPartOf\":{\"@id\":\"https:\\\/\\\/villagesaintjoseph.org\\\/plounevez-quintin\\\/#website\"},\"primaryImageOfPage\":{\"@id\":\"https:\\\/\\\/villagesaintjoseph.org\\\/plounevez-quintin\\\/la-maison-de-plounevez-quintin\\\/notre-projet\\\/#primaryimage\"},\"image\":{\"@id\":\"https:\\\/\\\/villagesaintjoseph.org\\\/plounevez-quintin\\\/la-maison-de-plounevez-quintin\\\/notre-projet\\\/#primaryimage\"},\"thumbnailUrl\":\"https:\\\/\\\/villagesaintjoseph.org\\\/plounevez-quintin\\\/wp-content\\\/uploads\\\/sites\\\/6\\\/2022\\\/01\\\/20160909-Laure.jpg\",\"datePublished\":\"2022-01-10T14:47:37+00:00\",\"dateModified\":\"2022-02-15T09:49:43+00:00\",\"description\":\"Au Village, nous estimons que, face aux diff\u00e9rentes blessures inflig\u00e9es par la vie&nbsp;(blessures morales, spirituelles, psychologiques, affectives,\",\"breadcrumb\":{\"@id\":\"https:\\\/\\\/villagesaintjoseph.org\\\/plounevez-quintin\\\/la-maison-de-plounevez-quintin\\\/notre-projet\\\/#breadcrumb\"},\"inLanguage\":\"fr-FR\",\"potentialAction\":[{\"@type\":\"ReadAction\",\"target\":[\"https:\\\/\\\/villagesaintjoseph.org\\\/plounevez-quintin\\\/la-maison-de-plounevez-quintin\\\/notre-projet\\\/\"]}]},{\"@type\":\"ImageObject\",\"inLanguage\":\"fr-FR\",\"@id\":\"https:\\\/\\\/villagesaintjoseph.org\\\/plounevez-quintin\\\/la-maison-de-plounevez-quintin\\\/notre-projet\\\/#primaryimage\",\"url\":\"https:\\\/\\\/villagesaintjoseph.org\\\/plounevez-quintin\\\/wp-content\\\/uploads\\\/sites\\\/6\\\/2022\\\/01\\\/20160909-Laure.jpg\",\"contentUrl\":\"https:\\\/\\\/villagesaintjoseph.org\\\/plounevez-quintin\\\/wp-content\\\/uploads\\\/sites\\\/6\\\/2022\\\/01\\\/20160909-Laure.jpg\",\"width\":1792,\"height\":1200},{\"@type\":\"BreadcrumbList\",\"@id\":\"https:\\\/\\\/villagesaintjoseph.org\\\/plounevez-quintin\\\/la-maison-de-plounevez-quintin\\\/notre-projet\\\/#breadcrumb\",\"itemListElement\":[{\"@type\":\"ListItem\",\"position\":1,\"name\":\"Accueil\",\"item\":\"https:\\\/\\\/villagesaintjoseph.org\\\/plounevez-quintin\\\/\"},{\"@type\":\"ListItem\",\"position\":2,\"name\":\"La Maison de Ploun\u00e9vez-Quintin\",\"item\":\"https:\\\/\\\/villagesaintjoseph.org\\\/plounevez-quintin\\\/la-maison-de-plounevez-quintin\\\/\"},{\"@type\":\"ListItem\",\"position\":3,\"name\":\"Projet\"}]},{\"@type\":\"WebSite\",\"@id\":\"https:\\\/\\\/villagesaintjoseph.org\\\/plounevez-quintin\\\/#website\",\"url\":\"https:\\\/\\\/villagesaintjoseph.org\\\/plounevez-quintin\\\/\",\"name\":\"Maison de Ploun\u00e9vez-Quintin\",\"description\":\"\",\"potentialAction\":[{\"@type\":\"SearchAction\",\"target\":{\"@type\":\"EntryPoint\",\"urlTemplate\":\"https:\\\/\\\/villagesaintjoseph.org\\\/plounevez-quintin\\\/?s={search_term_string}\"},\"query-input\":{\"@type\":\"PropertyValueSpecification\",\"valueRequired\":true,\"valueName\":\"search_term_string\"}}],\"inLanguage\":\"fr-FR\"}]}<\/script>\n<!-- \/ Yoast SEO plugin. -->","yoast_head_json":{"title":"Projet - Maison de Ploun\u00e9vez-Quintin","description":"Au Village, nous estimons que, face aux diff\u00e9rentes blessures inflig\u00e9es par la vie&nbsp;(blessures morales, spirituelles, psychologiques, affectives,","robots":{"index":"index","follow":"follow","max-snippet":"max-snippet:-1","max-image-preview":"max-image-preview:large","max-video-preview":"max-video-preview:-1"},"canonical":"https:\/\/villagesaintjoseph.org\/plounevez-quintin\/la-maison-de-plounevez-quintin\/notre-projet\/","og_locale":"fr_FR","og_type":"article","og_title":"Projet - Maison de Ploun\u00e9vez-Quintin","og_description":"Au Village, nous estimons que, face aux diff\u00e9rentes blessures inflig\u00e9es par la vie&nbsp;(blessures morales, spirituelles, psychologiques, affectives,","og_url":"https:\/\/villagesaintjoseph.org\/plounevez-quintin\/la-maison-de-plounevez-quintin\/notre-projet\/","og_site_name":"Maison de Ploun\u00e9vez-Quintin","article_modified_time":"2022-02-15T09:49:43+00:00","og_image":[{"width":1792,"height":1200,"url":"https:\/\/villagesaintjoseph.org\/plounevez-quintin\/wp-content\/uploads\/sites\/6\/2022\/01\/20160909-Laure.jpg","type":"image\/jpeg"}],"twitter_card":"summary_large_image","twitter_misc":{"Dur\u00e9e de lecture estim\u00e9e":"3 minutes"},"schema":{"@context":"https:\/\/schema.org","@graph":[{"@type":"WebPage","@id":"https:\/\/villagesaintjoseph.org\/plounevez-quintin\/la-maison-de-plounevez-quintin\/notre-projet\/","url":"https:\/\/villagesaintjoseph.org\/plounevez-quintin\/la-maison-de-plounevez-quintin\/notre-projet\/","name":"Projet - Maison de Ploun\u00e9vez-Quintin","isPartOf":{"@id":"https:\/\/villagesaintjoseph.org\/plounevez-quintin\/#website"},"primaryImageOfPage":{"@id":"https:\/\/villagesaintjoseph.org\/plounevez-quintin\/la-maison-de-plounevez-quintin\/notre-projet\/#primaryimage"},"image":{"@id":"https:\/\/villagesaintjoseph.org\/plounevez-quintin\/la-maison-de-plounevez-quintin\/notre-projet\/#primaryimage"},"thumbnailUrl":"https:\/\/villagesaintjoseph.org\/plounevez-quintin\/wp-content\/uploads\/sites\/6\/2022\/01\/20160909-Laure.jpg","datePublished":"2022-01-10T14:47:37+00:00","dateModified":"2022-02-15T09:49:43+00:00","description":"Au Village, nous estimons que, face aux diff\u00e9rentes blessures inflig\u00e9es par la vie&nbsp;(blessures morales, spirituelles, psychologiques, affectives,","breadcrumb":{"@id":"https:\/\/villagesaintjoseph.org\/plounevez-quintin\/la-maison-de-plounevez-quintin\/notre-projet\/#breadcrumb"},"inLanguage":"fr-FR","potentialAction":[{"@type":"ReadAction","target":["https:\/\/villagesaintjoseph.org\/plounevez-quintin\/la-maison-de-plounevez-quintin\/notre-projet\/"]}]},{"@type":"ImageObject","inLanguage":"fr-FR","@id":"https:\/\/villagesaintjoseph.org\/plounevez-quintin\/la-maison-de-plounevez-quintin\/notre-projet\/#primaryimage","url":"https:\/\/villagesaintjoseph.org\/plounevez-quintin\/wp-content\/uploads\/sites\/6\/2022\/01\/20160909-Laure.jpg","contentUrl":"https:\/\/villagesaintjoseph.org\/plounevez-quintin\/wp-content\/uploads\/sites\/6\/2022\/01\/20160909-Laure.jpg","width":1792,"height":1200},{"@type":"BreadcrumbList","@id":"https:\/\/villagesaintjoseph.org\/plounevez-quintin\/la-maison-de-plounevez-quintin\/notre-projet\/#breadcrumb","itemListElement":[{"@type":"ListItem","position":1,"name":"Accueil","item":"https:\/\/villagesaintjoseph.org\/plounevez-quintin\/"},{"@type":"ListItem","position":2,"name":"La Maison de Ploun\u00e9vez-Quintin","item":"https:\/\/villagesaintjoseph.org\/plounevez-quintin\/la-maison-de-plounevez-quintin\/"},{"@type":"ListItem","position":3,"name":"Projet"}]},{"@type":"WebSite","@id":"https:\/\/villagesaintjoseph.org\/plounevez-quintin\/#website","url":"https:\/\/villagesaintjoseph.org\/plounevez-quintin\/","name":"Maison de Ploun\u00e9vez-Quintin","description":"","potentialAction":[{"@type":"SearchAction","target":{"@type":"EntryPoint","urlTemplate":"https:\/\/villagesaintjoseph.org\/plounevez-quintin\/?s={search_term_string}"},"query-input":{"@type":"PropertyValueSpecification","valueRequired":true,"valueName":"search_term_string"}}],"inLanguage":"fr-FR"}]}},"_links":{"self":[{"href":"https:\/\/villagesaintjoseph.org\/plounevez-quintin\/wp-json\/wp\/v2\/pages\/212","targetHints":{"allow":["GET"]}}],"collection":[{"href":"https:\/\/villagesaintjoseph.org\/plounevez-quintin\/wp-json\/wp\/v2\/pages"}],"about":[{"href":"https:\/\/villagesaintjoseph.org\/plounevez-quintin\/wp-json\/wp\/v2\/types\/page"}],"author":[{"embeddable":true,"href":"https:\/\/villagesaintjoseph.org\/plounevez-quintin\/wp-json\/wp\/v2\/users\/18"}],"replies":[{"embeddable":true,"href":"https:\/\/villagesaintjoseph.org\/plounevez-quintin\/wp-json\/wp\/v2\/comments?post=212"}],"version-history":[{"count":16,"href":"https:\/\/villagesaintjoseph.org\/plounevez-quintin\/wp-json\/wp\/v2\/pages\/212\/revisions"}],"predecessor-version":[{"id":770,"href":"https:\/\/villagesaintjoseph.org\/plounevez-quintin\/wp-json\/wp\/v2\/pages\/212\/revisions\/770"}],"up":[{"embeddable":true,"href":"https:\/\/villagesaintjoseph.org\/plounevez-quintin\/wp-json\/wp\/v2\/pages\/185"}],"wp:featuredmedia":[{"embeddable":true,"href":"https:\/\/villagesaintjoseph.org\/plounevez-quintin\/wp-json\/wp\/v2\/media\/539"}],"wp:attachment":[{"href":"https:\/\/villagesaintjoseph.org\/plounevez-quintin\/wp-json\/wp\/v2\/media?parent=212"}],"curies":[{"name":"wp","href":"https:\/\/api.w.org\/{rel}","templated":true}]}}